{"id":57,"date":"2019-04-26T04:39:33","date_gmt":"2019-04-26T04:39:33","guid":{"rendered":"http:\/\/radiofronteras.fmmiradio.com\/?page_id=2"},"modified":"2025-04-18T14:30:51","modified_gmt":"2025-04-18T14:30:51","slug":"sample-page","status":"publish","type":"page","link":"https:\/\/fmmilagro.enlaweb.com.ar\/","title":{"rendered":"ULTIMAS NOTICIAS"},"content":{"rendered":"\n<div class=\"wp-block-columns has-2-columns is-layout-flex wp-container-core-columns-is-layout-9d6595d7 wp-block-columns-is-layout-flex\">\n<div class=\"wp-block-column is-layout-flow wp-block-column-is-layout-flow\">\n<h2 class=\"wp-block-heading\">ULTIMA HORAS<\/h2>\n\n\n\n<iframe loading=\"lazy\" src=\"https:\/\/www.facebook.com\/plugins\/page.php?href=https%3A%2F%2Fwww.facebook.com%2Ffrecuencia.milagro%3Flocale%3Des_LA&#038;tabs=timeline&#038;width=340&#038;height=1080&#038;small_header=true&#038;adapt_container_width=false&#038;hide_cover=true&#038;show_facepile=false&#038;appId\" width=\"340\" height=\"1080\" style=\"border:none;overflow:hidden\" scrolling=\"no\" frameborder=\"0\" allowfullscreen=\"true\" allow=\"autoplay; clipboard-write; encrypted-media; picture-in-picture; web-share\"><\/iframe>\n\n\n\n<p><\/p>\n<\/div>\n\n\n\n<div class=\"wp-block-column is-layout-flow wp-block-column-is-layout-flow\">\n<h2 class=\"wp-block-heading\">POL\u00cdTICA<\/h2>\n\n\n<div class=\"feedzy-cf726f215d36258fdd1469261a261343 feedzy-rss\"><ul><li  style=\"padding: 15px 0 25px\" class=\"rss_item\"><div class=\"rss_image\" style=\"height:150px;width:150px;\"><a href=\"https:\/\/www.clarin.com\/politica\/mercados-rating-incomodidad-opositora-malvinas-casa-rosada-festeja-cadena-milei_0_kFWa5jJAfQ.html\" target=\"_blank\" rel=\" noopener\" title=\"Mercados, rating e &quot;incomodidad opositora&quot; por Malvinas: la Casa Rosada festeja la cadena de Milei\" style=\"height:150px;width:150px;\"><img decoding=\"async\" src=\"https:\/\/www.clarin.com\/img\/2026\/09\/03\/_UzpnG7ij_1200x630__1.jpg\" title=\"Mercados, rating e &quot;incomodidad opositora&quot; por Malvinas: la Casa Rosada festeja la cadena de Milei\" style=\"height:150px;width:150px\"><\/a><\/div><span class=\"title\"><a href=\"https:\/\/www.clarin.com\/politica\/mercados-rating-incomodidad-opositora-malvinas-casa-rosada-festeja-cadena-milei_0_kFWa5jJAfQ.html\" target=\"_blank\" rel=\" noopener\">Mercados, rating e &#8220;incomodidad opositora&#8221; por Malvinas: la Casa Rosada festeja la cadena de Milei<\/a><\/span><div class=\"rss_content\" style=\"\"><p>Hab\u00eda nerviosismo en la previa. Hablan de un mensaje &#8220;n\u00edtido&#8221; y de la &#8220;ventana de oportunidad&#8221; para discutir con Londres. El Presidente reaparece en Misiones en medio de protestas. Los gobernadores, por ahora, evitaron pronunciarse.<\/p><\/div><\/li><li  style=\"padding: 15px 0 25px\" class=\"rss_item\"><div class=\"rss_image\" style=\"height:150px;width:150px;\"><a href=\"https:\/\/www.clarin.com\/politica\/malvinas-nuevos-decretos-milei-aumentan-fondos-presencia-militar-atlantico-sur_0_MtHfGMX1vM.html\" target=\"_blank\" rel=\" noopener\" title=\"Malvinas: dos nuevos decretos de Milei aumentan fondos para la presencia militar en el Atl\u00e1ntico Sur\" style=\"height:150px;width:150px;\"><img decoding=\"async\" src=\"https:\/\/www.clarin.com\/img\/2026\/09\/04\/re34QumtW_1200x630__1.jpg\" title=\"Malvinas: dos nuevos decretos de Milei aumentan fondos para la presencia militar en el Atl\u00e1ntico Sur\" style=\"height:150px;width:150px\"><\/a><\/div><span class=\"title\"><a href=\"https:\/\/www.clarin.com\/politica\/malvinas-nuevos-decretos-milei-aumentan-fondos-presencia-militar-atlantico-sur_0_MtHfGMX1vM.html\" target=\"_blank\" rel=\" noopener\">Malvinas: dos nuevos decretos de Milei aumentan fondos para la presencia militar en el Atl\u00e1ntico Sur<\/a><\/span><div class=\"rss_content\" style=\"\"><p>Tras la cadena del Presidente, el Gobierno public\u00f3 dos DNU que incrementan partidas para el Ejercito, la Armada, la Fuerza A\u00e9rea y el Estado Mayor Conjunto.<\/p><\/div><\/li><li  style=\"padding: 15px 0 25px\" class=\"rss_item\"><div class=\"rss_image\" style=\"height:150px;width:150px;\"><a href=\"https:\/\/www.clarin.com\/politica\/milei-planteo-caso-testigo-llegar-solucion-consensuada-reino-unido-malvinas-largo-plazo-podemos-recuperarlas_0_7uQN7gK2xn.html\" target=\"_blank\" rel=\" noopener\" title=\"Milei plante\u00f3 cu\u00e1l es el caso testigo para llegar a una &quot;soluci\u00f3n consensuada&quot; con el Reino Unido por Malvinas: &quot;En el largo plazo podemos recuperarlas&quot;\" style=\"height:150px;width:150px;\"><img decoding=\"async\" src=\"https:\/\/www.clarin.com\/img\/2026\/09\/03\/OVx_1F7Qh_1200x630__1.jpg\" title=\"Milei plante\u00f3 cu\u00e1l es el caso testigo para llegar a una &quot;soluci\u00f3n consensuada&quot; con el Reino Unido por Malvinas: &quot;En el largo plazo podemos recuperarlas&quot;\" style=\"height:150px;width:150px\"><\/a><\/div><span class=\"title\"><a href=\"https:\/\/www.clarin.com\/politica\/milei-planteo-caso-testigo-llegar-solucion-consensuada-reino-unido-malvinas-largo-plazo-podemos-recuperarlas_0_7uQN7gK2xn.html\" target=\"_blank\" rel=\" noopener\">Milei plante\u00f3 cu\u00e1l es el caso testigo para llegar a una &#8220;soluci\u00f3n consensuada&#8221; con el Reino Unido por Malvinas: &#8220;En el largo plazo podemos recuperarlas&#8221;<\/a><\/span><div class=\"rss_content\" style=\"\"><p>El Presidente hizo referencia al acuerdo al que lleg\u00f3 ese pa\u00eds para finalmente ceder el control de Hong Kong.Lo dijo en una entrevista publicada este viernes por el medio brit\u00e1nico The Economist, horas despu\u00e9s de la cadena nacional.<\/p><\/div><\/li><li  style=\"padding: 15px 0 25px\" class=\"rss_item\"><div class=\"rss_image\" style=\"height:150px;width:150px;\"><a href=\"https:\/\/www.clarin.com\/politica\/advertencia-reino-unido-anuncios-javier-milei-islas-malvinas-fuerzas-armadas-alerta-24-horas-dia_0_qNINNet6uT.html\" target=\"_blank\" rel=\" noopener\" title=\"La advertencia del Reino Unido tras los anuncios de Javier Milei sobre las Islas Malvinas: &quot;Nuestras fuerzas armadas est\u00e1n en alerta las 24 horas del d\u00eda&quot;\" style=\"height:150px;width:150px;\"><img decoding=\"async\" src=\"https:\/\/www.clarin.com\/img\/2026\/09\/04\/6TmkeOAuP_1200x630__1.jpg\" title=\"La advertencia del Reino Unido tras los anuncios de Javier Milei sobre las Islas Malvinas: &quot;Nuestras fuerzas armadas est\u00e1n en alerta las 24 horas del d\u00eda&quot;\" style=\"height:150px;width:150px\"><\/a><\/div><span class=\"title\"><a href=\"https:\/\/www.clarin.com\/politica\/advertencia-reino-unido-anuncios-javier-milei-islas-malvinas-fuerzas-armadas-alerta-24-horas-dia_0_qNINNet6uT.html\" target=\"_blank\" rel=\" noopener\">La advertencia del Reino Unido tras los anuncios de Javier Milei sobre las Islas Malvinas: &#8220;Nuestras fuerzas armadas est\u00e1n en alerta las 24 horas del d\u00eda&#8221;<\/a><\/span><div class=\"rss_content\" style=\"\"><p>La postura del Reino Unido sobre las Islas Malvinas es &#8220;inquebrantable&#8221;, declar\u00f3 el portavoz de Downing Street.En tanto, el ministro de Defensa sostuvo que las palabras de Milei &#8220;hablan m\u00e1s de pol\u00edtica interna argentina que de las Malvinas&#8221;.<\/p><\/div><\/li><li  style=\"padding: 15px 0 25px\" class=\"rss_item\"><div class=\"rss_image\" style=\"height:150px;width:150px;\"><a href=\"https:\/\/www.clarin.com\/politica\/trump-pregunta-siempre-malvinas-bullrich-destaco-interes-eeuu-islas-fustigo-petroleras-operan-atlantico-sur_0_JLZQIKBVaw.html\" target=\"_blank\" rel=\" noopener\" title=\"&quot;Trump pregunta siempre por Malvinas&quot;: Bullrich destac\u00f3 el inter\u00e9s de EE.UU. por las islas y fustig\u00f3 a las petroleras que operan en el Atl\u00e1ntico Sur\" style=\"height:150px;width:150px;\"><img decoding=\"async\" src=\"https:\/\/www.clarin.com\/img\/2024\/09\/07\/2dYzO4ic9_1200x630__1.jpg\" title=\"&quot;Trump pregunta siempre por Malvinas&quot;: Bullrich destac\u00f3 el inter\u00e9s de EE.UU. por las islas y fustig\u00f3 a las petroleras que operan en el Atl\u00e1ntico Sur\" style=\"height:150px;width:150px\"><\/a><\/div><span class=\"title\"><a href=\"https:\/\/www.clarin.com\/politica\/trump-pregunta-siempre-malvinas-bullrich-destaco-interes-eeuu-islas-fustigo-petroleras-operan-atlantico-sur_0_JLZQIKBVaw.html\" target=\"_blank\" rel=\" noopener\">&#8220;Trump pregunta siempre por Malvinas&#8221;: Bullrich destac\u00f3 el inter\u00e9s de EE.UU. por las islas y fustig\u00f3 a las petroleras que operan en el Atl\u00e1ntico Sur<\/a><\/span><div class=\"rss_content\" style=\"\"><p>La jefa del bloque libertario en el Senado defendi\u00f3 el discurso del presidente Javier Milei en cadena nacional.<\/p><\/div><\/li><\/ul> <\/div><style type=\"text\/css\" media=\"all\">.feedzy-rss .rss_item .rss_image{float:left;position:relative;border:none;text-decoration:none;max-width:100%}.feedzy-rss .rss_item .rss_image span{display:inline-block;position:absolute;width:100%;height:100%;background-position:50%;background-size:cover}.feedzy-rss .rss_item .rss_image{margin:.3em 1em 0 0;content-visibility:auto}.feedzy-rss ul{list-style:none}.feedzy-rss ul li{display:inline-block}<\/style>\n\n\n<p><\/p>\n<\/div>\n<\/div>\n\n\n\n<div class=\"wp-block-columns has-2-columns is-layout-flex wp-container-core-columns-is-layout-9d6595d7 wp-block-columns-is-layout-flex\">\n<div class=\"wp-block-column is-layout-flow wp-block-column-is-layout-flow\">\n<h2 class=\"wp-block-heading\">ECONOM\u00cdA<\/h2>\n\n\n<div class=\"feedzy-5d3d6da77fc757f4246526a28a081143 feedzy-rss\"><ul><li  style=\"padding: 15px 0 25px\" class=\"rss_item\"><div class=\"rss_image\" style=\"height:150px;width:150px;\"><a href=\"https:\/\/www.clarin.com\/economia\/paro-aeropuertos-ate-amenaza-retomar-medidas-fuerza-lunes-gobierno-convoca-audiencia_0_q5B5axlBgX.html\" target=\"_blank\" rel=\" noopener\" title=\"Paro en los aeropuertos: ATE amenaza con retomar medidas de fuerza el lunes si el Gobierno no los convoca a una audiencia\" style=\"height:150px;width:150px;\"><img decoding=\"async\" src=\"https:\/\/www.clarin.com\/img\/2026\/09\/04\/oC3cUDcpl_1200x630__1.jpg\" title=\"Paro en los aeropuertos: ATE amenaza con retomar medidas de fuerza el lunes si el Gobierno no los convoca a una audiencia\" style=\"height:150px;width:150px\"><\/a><\/div><span class=\"title\"><a href=\"https:\/\/www.clarin.com\/economia\/paro-aeropuertos-ate-amenaza-retomar-medidas-fuerza-lunes-gobierno-convoca-audiencia_0_q5B5axlBgX.html\" target=\"_blank\" rel=\" noopener\">Paro en los aeropuertos: ATE amenaza con retomar medidas de fuerza el lunes si el Gobierno no los convoca a una audiencia<\/a><\/span><div class=\"rss_content\" style=\"\"><p>La protesta hab\u00eda sido suspendida a la espera de un llamado oficial.El gremio reclama discutir el criterio de &#8220;esencialidad&#8221; que modific\u00f3 la reforma laboral y mantiene sus reclamos salariales.Qu\u00e9 pasar\u00eda con los vuelos en caso de huelga.<\/p><\/div><\/li><li  style=\"padding: 15px 0 25px\" class=\"rss_item\"><div class=\"rss_image\" style=\"height:150px;width:150px;\"><a href=\"https:\/\/www.clarin.com\/rural\/derogan-articulos-ley-prohibia-uso-glifosato-2030-misiones_0_jWXHq8EIBW.html\" target=\"_blank\" rel=\" noopener\" title=\"Derogan los art\u00edculos de una ley que prohib\u00eda el uso del glifosato desde 2030 en Misiones\" style=\"height:150px;width:150px;\"><img decoding=\"async\" src=\"https:\/\/www.clarin.com\/img\/2026\/09\/04\/D0gJjJcnr_1200x630__1.jpg\" title=\"Derogan los art\u00edculos de una ley que prohib\u00eda el uso del glifosato desde 2030 en Misiones\" style=\"height:150px;width:150px\"><\/a><\/div><span class=\"title\"><a href=\"https:\/\/www.clarin.com\/rural\/derogan-articulos-ley-prohibia-uso-glifosato-2030-misiones_0_jWXHq8EIBW.html\" target=\"_blank\" rel=\" noopener\">Derogan los art\u00edculos de una ley que prohib\u00eda el uso del glifosato desde 2030 en Misiones<\/a><\/span><div class=\"rss_content\" style=\"\"><p>El proyecto fue aprobado sobre tablas por la totalidad de los diputado.La modificaci\u00f3n de la ley fue impulsada por el gobernador Hugo Passalacqua.<\/p><\/div><\/li><li  style=\"padding: 15px 0 25px\" class=\"rss_item\"><div class=\"rss_image\" style=\"height:150px;width:150px;\"><a href=\"https:\/\/www.clarin.com\/economia\/jorge-brito-pendulo-argentino-oposicion-dar-certidumbre-inversor-modelo-pais_0_y1xL0k9cju.html\" target=\"_blank\" rel=\" noopener\" title=\"Jorge Brito sobre &quot;el p\u00e9ndulo argentino&quot;:  &quot;La oposici\u00f3n le tiene que dar certidumbre al inversor sobre el modelo de pa\u00eds&quot;\" style=\"height:150px;width:150px;\"><img decoding=\"async\" src=\"https:\/\/www.clarin.com\/img\/2026\/09\/04\/rWrb5GkyY_1200x630__1.jpg\" title=\"Jorge Brito sobre &quot;el p\u00e9ndulo argentino&quot;:  &quot;La oposici\u00f3n le tiene que dar certidumbre al inversor sobre el modelo de pa\u00eds&quot;\" style=\"height:150px;width:150px\"><\/a><\/div><span class=\"title\"><a href=\"https:\/\/www.clarin.com\/economia\/jorge-brito-pendulo-argentino-oposicion-dar-certidumbre-inversor-modelo-pais_0_y1xL0k9cju.html\" target=\"_blank\" rel=\" noopener\">Jorge Brito sobre &#8220;el p\u00e9ndulo argentino&#8221;:  &#8220;La oposici\u00f3n le tiene que dar certidumbre al inversor sobre el modelo de pa\u00eds&#8221;<\/a><\/span><div class=\"rss_content\" style=\"\"><p>El CEO del Banco Macro y Genneia evit\u00f3 dar definiciones sobre si ser\u00e1 candidato en 2027, pero pidi\u00f3 continuidad en el modelo.<\/p><\/div><\/li><li  style=\"padding: 15px 0 25px\" class=\"rss_item\"><div class=\"rss_image\" style=\"height:150px;width:150px;\"><a href=\"https:\/\/www.clarin.com\/rural\/suba-granos-mejora-aporte-agro-estado-esperan-35200-millones-dolares_0_03Yv4on0Ka.html\" target=\"_blank\" rel=\" noopener\" title=\"La suba de los granos mejora el aporte de divisas del agro: se esperan 35.200 millones de d\u00f3lares\" style=\"height:150px;width:150px;\"><img decoding=\"async\" src=\"https:\/\/www.clarin.com\/img\/2024\/10\/23\/PQYW4MwFs_1200x630__1.jpg\" title=\"La suba de los granos mejora el aporte de divisas del agro: se esperan 35.200 millones de d\u00f3lares\" style=\"height:150px;width:150px\"><\/a><\/div><span class=\"title\"><a href=\"https:\/\/www.clarin.com\/rural\/suba-granos-mejora-aporte-agro-estado-esperan-35200-millones-dolares_0_03Yv4on0Ka.html\" target=\"_blank\" rel=\" noopener\">La suba de los granos mejora el aporte de divisas del agro: se esperan 35.200 millones de d\u00f3lares<\/a><\/span><div class=\"rss_content\" style=\"\"><p>La recuperaci\u00f3n de los precios internacionales y un flujo de exportaciones firme permiten proyectar un cierre de a\u00f1o con mayores ingresos para el sector.La liquidaci\u00f3n acumulada hasta agosto se encuentra por debajo de la registrada en igual per\u00edodo de 2025.<\/p><\/div><\/li><li  style=\"padding: 15px 0 25px\" class=\"rss_item\"><div class=\"rss_image\" style=\"height:150px;width:150px;\"><a href=\"https:\/\/www.clarin.com\/economia\/presidente-camara-comercio-hablo-danos-colaterales-cierre-empresas-deseo-profundo-milei-reelecto_0_0Eu4HN55Ux.html\" target=\"_blank\" rel=\" noopener\" title=\"El presidente de la C\u00e1mara de Comercio habl\u00f3 de &quot;da\u00f1os colaterales&quot; por el cierre de empresas y su &quot;deseo profundo&quot; de que Milei sea reelecto\" style=\"height:150px;width:150px;\"><img decoding=\"async\" src=\"https:\/\/www.clarin.com\/img\/2026\/09\/04\/gy2Wp2DLn_1200x630__1.jpg\" title=\"El presidente de la C\u00e1mara de Comercio habl\u00f3 de &quot;da\u00f1os colaterales&quot; por el cierre de empresas y su &quot;deseo profundo&quot; de que Milei sea reelecto\" style=\"height:150px;width:150px\"><\/a><\/div><span class=\"title\"><a href=\"https:\/\/www.clarin.com\/economia\/presidente-camara-comercio-hablo-danos-colaterales-cierre-empresas-deseo-profundo-milei-reelecto_0_0Eu4HN55Ux.html\" target=\"_blank\" rel=\" noopener\">El presidente de la C\u00e1mara de Comercio habl\u00f3 de &#8220;da\u00f1os colaterales&#8221; por el cierre de empresas y su &#8220;deseo profundo&#8221; de que Milei sea reelecto<\/a><\/span><div class=\"rss_content\" style=\"\"><p>Si bien Mario Grinman dijo que el Presidente &#8220;es \u00e1spero y agresivo&#8221; en su oratoria, al mismo tiempo asegur\u00f3 que &#8220;est\u00e1 haciendo lo que hay que hacer&#8221;.Fue durante una cumbre de ejecutivos financieros en Misiones, a la que asisten varios funcionarios del Gobierno incluido el presidente Javier Milei.<\/p><\/div><\/li><\/ul> <\/div><style type=\"text\/css\" media=\"all\">.feedzy-rss .rss_item .rss_image{float:left;position:relative;border:none;text-decoration:none;max-width:100%}.feedzy-rss .rss_item .rss_image span{display:inline-block;position:absolute;width:100%;height:100%;background-position:50%;background-size:cover}.feedzy-rss .rss_item .rss_image{margin:.3em 1em 0 0;content-visibility:auto}.feedzy-rss ul{list-style:none}.feedzy-rss ul li{display:inline-block}<\/style><\/div>\n\n\n\n<div class=\"wp-block-column is-layout-flow wp-block-column-is-layout-flow\">\n<h2 class=\"wp-block-heading\">DEPORTES<\/h2>\n\n\n<div class=\"feedzy-227d19a07da4bc842353f5998e8f2caa feedzy-rss\"><ul><li  style=\"padding: 15px 0 25px\" class=\"rss_item\"><div class=\"rss_image\" style=\"height:150px;width:150px;\"><a href=\"https:\/\/www.clarin.com\/deportes\/joaquin-orlando-hombre-ocupara-seleccion-argentina-lugar-dejo-omar-souto_0_9xuH7ovtOy.html\" target=\"_blank\" rel=\" noopener\" title=\"Qui\u00e9n es Joaqu\u00edn Orlando, el hombre que ocupar\u00e1 en la Selecci\u00f3n Argentina el lugar que dej\u00f3 Omar Souto\" style=\"height:150px;width:150px;\"><img decoding=\"async\" src=\"https:\/\/www.clarin.com\/img\/2026\/09\/04\/v30VZP3Xu_1200x630__1.jpg\" title=\"Qui\u00e9n es Joaqu\u00edn Orlando, el hombre que ocupar\u00e1 en la Selecci\u00f3n Argentina el lugar que dej\u00f3 Omar Souto\" style=\"height:150px;width:150px\"><\/a><\/div><span class=\"title\"><a href=\"https:\/\/www.clarin.com\/deportes\/joaquin-orlando-hombre-ocupara-seleccion-argentina-lugar-dejo-omar-souto_0_9xuH7ovtOy.html\" target=\"_blank\" rel=\" noopener\">Qui\u00e9n es Joaqu\u00edn Orlando, el hombre que ocupar\u00e1 en la Selecci\u00f3n Argentina el lugar que dej\u00f3 Omar Souto<\/a><\/span><div class=\"rss_content\" style=\"\"><p>La AFA nombr\u00f3 al nuevo gerente de Selecciones Nacionales, con experiencia en las giras de la Albiceleste, las pretemporadas de River y Boca y la organizaci\u00f3n de la Copa Argentina.Adem\u00e1s, Claudio \u201cChiqui\u201d Tapia design\u00f3 a Diego Hern\u00e1n Bertuccelli como su vocero y asesor de comunicaci\u00f3n.<\/p><\/div><\/li><li  style=\"padding: 15px 0 25px\" class=\"rss_item\"><div class=\"rss_image\" style=\"height:150px;width:150px;\"><a href=\"https:\/\/www.clarin.com\/deportes\/estudiantes-rio-cuarto-vs-sarmiento-junin-torneo-clausura-2026-vivo-hora-juegan-formaciones-ver-partido_0_oTW8HxMGae.html\" target=\"_blank\" rel=\" noopener\" title=\"Estudiantes de R\u00edo Cuarto vs Sarmiento de Jun\u00edn por el Torneo Clausura 2026, EN VIVO: a qu\u00e9 hora juegan, formaciones y c\u00f3mo ver el partido\" style=\"height:150px;width:150px;\"><img decoding=\"async\" src=\"https:\/\/www.clarin.com\/img\/2025\/10\/04\/2k4Gkfc_K_1200x630__1.jpg\" title=\"Estudiantes de R\u00edo Cuarto vs Sarmiento de Jun\u00edn por el Torneo Clausura 2026, EN VIVO: a qu\u00e9 hora juegan, formaciones y c\u00f3mo ver el partido\" style=\"height:150px;width:150px\"><\/a><\/div><span class=\"title\"><a href=\"https:\/\/www.clarin.com\/deportes\/estudiantes-rio-cuarto-vs-sarmiento-junin-torneo-clausura-2026-vivo-hora-juegan-formaciones-ver-partido_0_oTW8HxMGae.html\" target=\"_blank\" rel=\" noopener\">Estudiantes de R\u00edo Cuarto vs Sarmiento de Jun\u00edn por el Torneo Clausura 2026, EN VIVO: a qu\u00e9 hora juegan, formaciones y c\u00f3mo ver el partido<\/a><\/span><div class=\"rss_content\" style=\"\"><p>El Le\u00f3n del Imperio y el Verde chocan en C\u00f3rdoba por la octava jornada del torneo.Con el arbitraje de Bryan Ferreyra y la presencia de Franco Acita en el VAR.<\/p><\/div><\/li><li  style=\"padding: 15px 0 25px\" class=\"rss_item\"><div class=\"rss_image\" style=\"height:150px;width:150px;\"><a href=\"https:\/\/www.clarin.com\/deportes\/marcelo-gallardo-nuevo-dt-ecuador-contrato-2030-debutara_0_Ea8kObODZq.html\" target=\"_blank\" rel=\" noopener\" title=\"Marcelo Gallardo ser\u00e1 el nuevo DT de Ecuador: contrato hasta 2030 y cu\u00e1ndo debutar\u00e1\" style=\"height:150px;width:150px;\"><img decoding=\"async\" src=\"https:\/\/www.clarin.com\/img\/2026\/02\/28\/e44VLNLxj_1200x630__1.jpg\" title=\"Marcelo Gallardo ser\u00e1 el nuevo DT de Ecuador: contrato hasta 2030 y cu\u00e1ndo debutar\u00e1\" style=\"height:150px;width:150px\"><\/a><\/div><span class=\"title\"><a href=\"https:\/\/www.clarin.com\/deportes\/marcelo-gallardo-nuevo-dt-ecuador-contrato-2030-debutara_0_Ea8kObODZq.html\" target=\"_blank\" rel=\" noopener\">Marcelo Gallardo ser\u00e1 el nuevo DT de Ecuador: contrato hasta 2030 y cu\u00e1ndo debutar\u00e1<\/a><\/span><div class=\"rss_content\" style=\"\"><p>El Mu\u00f1eco lleg\u00f3 a un acuerdo con la Federaci\u00f3n Ecuatoriana despu\u00e9s de varias semanas de negociaciones y ser\u00e1 presentado el lunes para iniciar su primera experiencia al frente de una selecci\u00f3n.Firmar\u00e1 por cuatro a\u00f1os, tendr\u00e1 a Mat\u00edas Biscay y Hern\u00e1n Buj\u00e1n como ayudantes y debutar\u00e1 el 24 de septiembre ante Corea del Sur, en Suwon.<\/p><\/div><\/li><li  style=\"padding: 15px 0 25px\" class=\"rss_item\"><div class=\"rss_image\" style=\"height:150px;width:150px;\"><a href=\"https:\/\/www.clarin.com\/deportes\/gp-italia-franco-colapinto-confirmo-mejorias-alpine-dia-furia-briatore-monza_0_f9N2DHlQ3d.html\" target=\"_blank\" rel=\" noopener\" title=\"GP de Italia: Franco Colapinto confirm\u00f3 las mejor\u00edas de su Alpine, en un d\u00eda de furia para Briatore en Monza\" style=\"height:150px;width:150px;\"><img decoding=\"async\" src=\"https:\/\/www.clarin.com\/img\/2026\/09\/04\/jDclqbzyH_1200x630__1.jpg\" title=\"GP de Italia: Franco Colapinto confirm\u00f3 las mejor\u00edas de su Alpine, en un d\u00eda de furia para Briatore en Monza\" style=\"height:150px;width:150px\"><\/a><\/div><span class=\"title\"><a href=\"https:\/\/www.clarin.com\/deportes\/gp-italia-franco-colapinto-confirmo-mejorias-alpine-dia-furia-briatore-monza_0_f9N2DHlQ3d.html\" target=\"_blank\" rel=\" noopener\">GP de Italia: Franco Colapinto confirm\u00f3 las mejor\u00edas de su Alpine, en un d\u00eda de furia para Briatore en Monza<\/a><\/span><div class=\"rss_content\" style=\"\"><p>Tras ser noveno en la FP1, el argentino termin\u00f3 11\u00b0 en la FP2 y delante de Pierre Gasly.La escuder\u00eda recibi\u00f3 un golpe de la FIA: le sacaron el podio de M\u00f3naco y Briatore explot\u00f3.Dispar\u00f3 contra McLaren, con una dura acusaci\u00f3n que gener\u00f3 un esc\u00e1ndalo en la F\u00f6rmula 1.<\/p><\/div><\/li><li  style=\"padding: 15px 0 25px\" class=\"rss_item\"><div class=\"rss_image\" style=\"height:150px;width:150px;\"><a href=\"https:\/\/www.clarin.com\/deportes\/madre-sensacional-video-inedito-messi-concentracion-mundial-2010-compartio-ex-companero-seleccion_0_xJy57wuKmY.html\" target=\"_blank\" rel=\" noopener\" title=\"&quot;\u00a1Madre m\u00eda!&quot;: el sensacional video in\u00e9dito de Messi en la concentraci\u00f3n del Mundial 2010 que comparti\u00f3 un ex compa\u00f1ero de la Selecci\u00f3n\" style=\"height:150px;width:150px;\"><img decoding=\"async\" src=\"https:\/\/www.clarin.com\/img\/2026\/09\/04\/_3p9WIh5__1200x630__1.jpg\" title=\"&quot;\u00a1Madre m\u00eda!&quot;: el sensacional video in\u00e9dito de Messi en la concentraci\u00f3n del Mundial 2010 que comparti\u00f3 un ex compa\u00f1ero de la Selecci\u00f3n\" style=\"height:150px;width:150px\"><\/a><\/div><span class=\"title\"><a href=\"https:\/\/www.clarin.com\/deportes\/madre-sensacional-video-inedito-messi-concentracion-mundial-2010-compartio-ex-companero-seleccion_0_xJy57wuKmY.html\" target=\"_blank\" rel=\" noopener\">&#8220;\u00a1Madre m\u00eda!&#8221;: el sensacional video in\u00e9dito de Messi en la concentraci\u00f3n del Mundial 2010 que comparti\u00f3 un ex compa\u00f1ero de la Selecci\u00f3n<\/a><\/span><div class=\"rss_content\" style=\"\"><p>Fue en la intimidad de la Copa en Sud\u00e1frica,y lo public\u00f3 Jon\u00e1s Guti\u00e9rrez en sus redes.Leo hace jueguitos en una habitaci\u00f3n, con Maxi Rodr\u00edguez y Mart\u00edn Demichelis de testigos.<\/p><\/div><\/li><\/ul> <\/div><style type=\"text\/css\" media=\"all\">.feedzy-rss .rss_item .rss_image{float:left;position:relative;border:none;text-decoration:none;max-width:100%}.feedzy-rss .rss_item .rss_image span{display:inline-block;position:absolute;width:100%;height:100%;background-position:50%;background-size:cover}.feedzy-rss .rss_item .rss_image{margin:.3em 1em 0 0;content-visibility:auto}.feedzy-rss ul{list-style:none}.feedzy-rss ul li{display:inline-block}<\/style><\/div>\n<\/div>\n","protected":false},"excerpt":{"rendered":"<p>ULTIMA HORAS POL\u00cdTICA ECONOM\u00cdA DEPORTES<\/p>\n","protected":false},"author":1,"featured_media":0,"parent":0,"menu_order":0,"comment_status":"closed","ping_status":"open","template":"","meta":{"footnotes":""},"class_list":["post-57","page","type-page","status-publish","hentry"],"yoast_head":"<!-- This site is optimized with the Yoast SEO plugin v21.5 - https:\/\/yoast.com\/wordpress\/plugins\/seo\/ -->\n<title>ULTIMAS NOTICIAS - PORTAL NOTICIAS<\/title>\n<meta name=\"robots\" content=\"index, follow, max-snippet:-1, max-image-preview:large, max-video-preview:-1\" \/>\n<link rel=\"canonical\" href=\"https:\/\/fmmilagro.enlaweb.com.ar\/\" \/>\n<meta property=\"og:locale\" content=\"es_ES\" \/>\n<meta property=\"og:type\" content=\"article\" \/>\n<meta property=\"og:title\" content=\"ULTIMAS NOTICIAS - PORTAL NOTICIAS\" \/>\n<meta property=\"og:description\" content=\"ULTIMA HORAS POL\u00cdTICA ECONOM\u00cdA DEPORTES\" \/>\n<meta property=\"og:url\" content=\"https:\/\/fmmilagro.enlaweb.com.ar\/\" \/>\n<meta property=\"og:site_name\" content=\"PORTAL NOTICIAS\" \/>\n<meta property=\"article:modified_time\" content=\"2025-04-18T14:30:51+00:00\" \/>\n<meta property=\"og:image\" content=\"https:\/\/fmmilagro.enlaweb.com.ar\/wp-content\/uploads\/2023\/11\/screenshot3.jpg\" \/>\n\t<meta property=\"og:image:width\" content=\"1139\" \/>\n\t<meta property=\"og:image:height\" content=\"601\" \/>\n\t<meta property=\"og:image:type\" content=\"image\/jpeg\" \/>\n<meta name=\"twitter:card\" content=\"summary_large_image\" \/>\n<meta name=\"twitter:label1\" content=\"Tiempo de lectura\" \/>\n\t<meta name=\"twitter:data1\" content=\"1 minuto\" \/>\n<script type=\"application\/ld+json\" class=\"yoast-schema-graph\">{\"@context\":\"https:\/\/schema.org\",\"@graph\":[{\"@type\":\"WebPage\",\"@id\":\"https:\/\/fmmilagro.enlaweb.com.ar\/\",\"url\":\"https:\/\/fmmilagro.enlaweb.com.ar\/\",\"name\":\"ULTIMAS NOTICIAS - PORTAL NOTICIAS\",\"isPartOf\":{\"@id\":\"https:\/\/fmmilagro.enlaweb.com.ar\/#website\"},\"datePublished\":\"2019-04-26T04:39:33+00:00\",\"dateModified\":\"2025-04-18T14:30:51+00:00\",\"breadcrumb\":{\"@id\":\"https:\/\/fmmilagro.enlaweb.com.ar\/#breadcrumb\"},\"inLanguage\":\"es\",\"potentialAction\":[{\"@type\":\"ReadAction\",\"target\":[\"https:\/\/fmmilagro.enlaweb.com.ar\/\"]}]},{\"@type\":\"BreadcrumbList\",\"@id\":\"https:\/\/fmmilagro.enlaweb.com.ar\/#breadcrumb\",\"itemListElement\":[{\"@type\":\"ListItem\",\"position\":1,\"name\":\"Portada\",\"item\":\"https:\/\/fmmilagro.enlaweb.com.ar\/\"},{\"@type\":\"ListItem\",\"position\":2,\"name\":\"ULTIMAS NOTICIAS\"}]},{\"@type\":\"WebSite\",\"@id\":\"https:\/\/fmmilagro.enlaweb.com.ar\/#website\",\"url\":\"https:\/\/fmmilagro.enlaweb.com.ar\/\",\"name\":\"PORTAL NOTICIAS\",\"description\":\"\",\"alternateName\":\"ESTAMOS EN VIVO\",\"potentialAction\":[{\"@type\":\"SearchAction\",\"target\":{\"@type\":\"EntryPoint\",\"urlTemplate\":\"https:\/\/fmmilagro.enlaweb.com.ar\/?s={search_term_string}\"},\"query-input\":\"required name=search_term_string\"}],\"inLanguage\":\"es\"}]}<\/script>\n<!-- \/ Yoast SEO plugin. -->","yoast_head_json":{"title":"ULTIMAS NOTICIAS - PORTAL NOTICIAS","robots":{"index":"index","follow":"follow","max-snippet":"max-snippet:-1","max-image-preview":"max-image-preview:large","max-video-preview":"max-video-preview:-1"},"canonical":"https:\/\/fmmilagro.enlaweb.com.ar\/","og_locale":"es_ES","og_type":"article","og_title":"ULTIMAS NOTICIAS - PORTAL NOTICIAS","og_description":"ULTIMA HORAS POL\u00cdTICA ECONOM\u00cdA DEPORTES","og_url":"https:\/\/fmmilagro.enlaweb.com.ar\/","og_site_name":"PORTAL NOTICIAS","article_modified_time":"2025-04-18T14:30:51+00:00","og_image":[{"width":1139,"height":601,"url":"https:\/\/fmmilagro.enlaweb.com.ar\/wp-content\/uploads\/2023\/11\/screenshot3.jpg","type":"image\/jpeg"}],"twitter_card":"summary_large_image","twitter_misc":{"Tiempo de lectura":"1 minuto"},"schema":{"@context":"https:\/\/schema.org","@graph":[{"@type":"WebPage","@id":"https:\/\/fmmilagro.enlaweb.com.ar\/","url":"https:\/\/fmmilagro.enlaweb.com.ar\/","name":"ULTIMAS NOTICIAS - PORTAL NOTICIAS","isPartOf":{"@id":"https:\/\/fmmilagro.enlaweb.com.ar\/#website"},"datePublished":"2019-04-26T04:39:33+00:00","dateModified":"2025-04-18T14:30:51+00:00","breadcrumb":{"@id":"https:\/\/fmmilagro.enlaweb.com.ar\/#breadcrumb"},"inLanguage":"es","potentialAction":[{"@type":"ReadAction","target":["https:\/\/fmmilagro.enlaweb.com.ar\/"]}]},{"@type":"BreadcrumbList","@id":"https:\/\/fmmilagro.enlaweb.com.ar\/#breadcrumb","itemListElement":[{"@type":"ListItem","position":1,"name":"Portada","item":"https:\/\/fmmilagro.enlaweb.com.ar\/"},{"@type":"ListItem","position":2,"name":"ULTIMAS NOTICIAS"}]},{"@type":"WebSite","@id":"https:\/\/fmmilagro.enlaweb.com.ar\/#website","url":"https:\/\/fmmilagro.enlaweb.com.ar\/","name":"PORTAL NOTICIAS","description":"","alternateName":"ESTAMOS EN VIVO","potentialAction":[{"@type":"SearchAction","target":{"@type":"EntryPoint","urlTemplate":"https:\/\/fmmilagro.enlaweb.com.ar\/?s={search_term_string}"},"query-input":"required name=search_term_string"}],"inLanguage":"es"}]}},"_links":{"self":[{"href":"https:\/\/fmmilagro.enlaweb.com.ar\/index.php?rest_route=\/wp\/v2\/pages\/57","targetHints":{"allow":["GET"]}}],"collection":[{"href":"https:\/\/fmmilagro.enlaweb.com.ar\/index.php?rest_route=\/wp\/v2\/pages"}],"about":[{"href":"https:\/\/fmmilagro.enlaweb.com.ar\/index.php?rest_route=\/wp\/v2\/types\/page"}],"author":[{"embeddable":true,"href":"https:\/\/fmmilagro.enlaweb.com.ar\/index.php?rest_route=\/wp\/v2\/users\/1"}],"replies":[{"embeddable":true,"href":"https:\/\/fmmilagro.enlaweb.com.ar\/index.php?rest_route=%2Fwp%2Fv2%2Fcomments&post=57"}],"version-history":[{"count":7,"href":"https:\/\/fmmilagro.enlaweb.com.ar\/index.php?rest_route=\/wp\/v2\/pages\/57\/revisions"}],"predecessor-version":[{"id":216,"href":"https:\/\/fmmilagro.enlaweb.com.ar\/index.php?rest_route=\/wp\/v2\/pages\/57\/revisions\/216"}],"wp:attachment":[{"href":"https:\/\/fmmilagro.enlaweb.com.ar\/index.php?rest_route=%2Fwp%2Fv2%2Fmedia&parent=57"}],"curies":[{"name":"wp","href":"https:\/\/api.w.org\/{rel}","templated":true}]}}